{"id":8075,"date":"2016-11-07T08:54:13","date_gmt":"2016-11-07T08:54:13","guid":{"rendered":"https:\/\/www.sagafurs.com\/sv\/bolaget\/bolagets-forvaltning\/bolagsstamman\/vanhemmat-kokoukset\/"},"modified":"2026-02-11T12:15:59","modified_gmt":"2026-02-11T10:15:59","slug":"tidigare-bolagsstammor","status":"publish","type":"page","link":"https:\/\/www.sagafurs.com\/sv\/bolaget\/bolagets-forvaltning\/bolagsstamman\/tidigare-bolagsstammor\/","title":{"rendered":"Tidigare bolagsst\u00e4mmor"},"content":{"rendered":"<section>\n<h2><span lang=\"EN-US\">Bolagsst\u00e4mman 2025<\/span><\/h2>\n<p><span lang=\"EN-US\">Saga Furs Oyj:s ordinarie bolagsst\u00e4mma ordnades<strong>\u00a0fredagen 25.4.2025\u00a0<\/strong><\/span>fr\u00e5n och med kl. 10.00 i Fur Centers utrymmen p\u00e5 adressen M\u00e5rtensbyv\u00e4gen 48, Vanda.<\/p>\n<p>Aktie\u00e4gare som \u00f6nskade delta i bolagsst\u00e4mman var att anm\u00e4la sig senast 22.4.2025 kl. 10.00.<\/p>\n<p>Kallelsen till bolaggst\u00e4mma finns nedan.<\/p>\n<p><a href=\"https:\/\/www.sagafurs.com\/wp-content\/uploads\/2025\/03\/Saga-Furs-Oyj-Stammokallelse-2025.pdf\">Kallelse till bolagsst\u00e4mman<\/a><\/p>\n<p><a href=\"https:\/\/www.sagafurs.com\/wp-content\/uploads\/2025\/02\/Styrelsens-verksamhetsberattelse-och-bokslut-1.11.2023-31.10.2024.pdf\">Styrelsens verksamhetsber\u00e4ttelse och bokslut 1.11.2023-31.10.2024<\/a><\/p>\n<p><a href=\"https:\/\/www.sagafurs.com\/wp-content\/uploads\/2025\/02\/Ersattningsrapport-2023-2024.pdf\">Ers\u00e4ttningsrapport 2023\/2024<\/a><\/p>\n<p><a href=\"https:\/\/www.sagafurs.com\/wp-content\/uploads\/2025\/03\/Saga-Furs-Oyj-Valtakirja-SVE-2025-.pdf\">Fullmakt<\/a><\/p>\n<p><a href=\"https:\/\/www.sagafurs.com\/wp-content\/uploads\/2025\/04\/Styrelseordforandes-inledning.pdf\">Styrelseordf\u00f6randes inledning<\/a><\/p>\n<p><a href=\"https:\/\/www.sagafurs.com\/wp-content\/uploads\/2025\/04\/Verkstallande-direktorens-oversikt.pdf\">Verkst\u00e4llande direkt\u00f6rens \u00f6versikt<\/a><\/p>\n<p><a href=\"https:\/\/www.sagafurs.com\/wp-content\/uploads\/2025\/04\/Ekonomidirektorens-presentation.pdf\">Ekonomidirekt\u00f6rens presentation<\/a><\/p>\n<p><a href=\"https:\/\/www.sagafurs.com\/wp-content\/uploads\/2025\/04\/Ordinarie-bolagsstammans-beslut.pdf\">Ordinarie bolagsst\u00e4mmans beslut<\/a><\/p>\n<p><a href=\"https:\/\/www.sagafurs.com\/wp-content\/uploads\/2025\/05\/Saga-Furs-Oyj-Yhtiokokouksen-poytakirja.docx.pdf\">Protokoll (p\u00e5 finska)<\/a><\/p>\n<\/section>\n<p>&nbsp;<\/p>\n<section>\n<h2 style=\"background: #FEFEFE;\"><span style=\"font-family: 'Arial',sans-serif; color: #0a0a0a; font-weight: normal;\">Bolagsst\u00e4mman 2024<\/span><\/h2>\n<p style=\"background: #FEFEFE;\"><span style=\"font-family: 'Arial',sans-serif; color: #0a0a0a;\">Saga Furs Oyj:s ordinarie bolagsst\u00e4mma ordnades<strong><span style=\"font-family: 'Arial',sans-serif;\"> fredagen 26.4.2024\u00a0<\/span><\/strong><span style=\"font-family: 'Arial',sans-serif;\">fr\u00e5n och med kl. 10.00 i Fur Centers utrymmen p\u00e5 adressen M\u00e5rtensbyv\u00e4gen 48, Vanda.<\/span><\/span><\/p>\n<p style=\"background: #FEFEFE;\"><span style=\"font-family: 'Arial',sans-serif; color: #0a0a0a;\">Aktie\u00e4gare som \u00f6nskade delta i bolagsst\u00e4mman var att anm\u00e4la sig senast 23.4.2024 kl. 10.00. Kallelsen till bolagsst\u00e4mman finns nedan.<\/span><\/p>\n<p><a href=\"https:\/\/www.sagafurs.com\/wp-content\/uploads\/2024\/04\/Saga-Furs-Oyj-Kallelse-till-bolagsstamma-2024.pdf\">Kallelse till bolagsst\u00e4mman<\/a><\/p>\n<p><a href=\"https:\/\/www.sagafurs.com\/wp-content\/uploads\/2024\/04\/Bilaga-1-Andring-av-bolagsordningen.pdf\">Bilaga 1 \u00c4ndring av bolagsordningen<\/a><\/p>\n<p><a href=\"https:\/\/www.sagafurs.com\/wp-content\/uploads\/2024\/02\/Saga-Furs-styrelsens-verksamhetsberattelse-och-bokslut-2022\u22122023.pdf\">Styrelsens verksamhetsber\u00e4ttelse och bokslut 1.11.2022\u221231.10.2023<\/a><\/p>\n<p><a href=\"https:\/\/www.sagafurs.com\/wp-content\/uploads\/2024\/02\/Saga-Furs-ersattningsrapport-2022-2023.pdf\">Ers\u00e4ttningsrapport 2022\/2023<\/a><\/p>\n<p><a href=\"https:\/\/www.sagafurs.com\/wp-content\/uploads\/2024\/04\/Saga-Furs-Bolagsstamman-2024-Fullmakt-SWE.pdf\">Fullmakt<\/a><\/p>\n<p><a href=\"https:\/\/www.sagafurs.com\/wp-content\/uploads\/2024\/04\/Bolagsstamma-2024-Inledningsanforande.pdf\">Styrelseordf\u00f6randens inledning<\/a><\/p>\n<p><a href=\"https:\/\/www.sagafurs.com\/wp-content\/uploads\/2024\/04\/Bolagsstamma-2024-Verkstallande-direktorens-oversikt.pdf\">Verkst\u00e4llande direkt\u00f6rens \u00f6versikt<\/a><\/p>\n<p><a href=\"https:\/\/www.sagafurs.com\/wp-content\/uploads\/2024\/04\/Ordinarie-bolagsstammans-beslut-m-.pdf\">Ordinarie bolagsst\u00e4mmans beslut <\/a><\/p>\n<p><a href=\"https:\/\/www.sagafurs.com\/wp-content\/uploads\/2024\/05\/Yhtiokokouksen-2024-poytakirja.pdf\">Protokoll (p\u00e5 finska)<\/a><\/p>\n<\/section>\n<h2><\/h2>\n<section>\n<h2><\/h2>\n<h2>Bolagsst\u00e4mman 2023<\/h2>\n<p>Saga Furs Oyj:s ordinarie bolagsst\u00e4mma ordnades<strong>\u00a0fredagen 28.4.2023<\/strong>\u00a0fr\u00e5n och med kl. 10.00 i Fur Centers utrymmen p\u00e5 adressen M\u00e5rtensbyv\u00e4gen 48, Vanda.<\/p>\n<p>Aktie\u00e4gare som \u00f6nskade delta i bolagsst\u00e4mman var att anm\u00e4la sig senast 25.4.2023 kl. 10.00. Kallelsen till bolaggst\u00e4mman finns nedan.<\/p>\n<p><a href=\"https:\/\/sagafurs.wpenginepowered.com\/wp-content\/uploads\/2023\/03\/Saga-Furs-Kallelse-till-bolagsstamma-2023.pdf\">Kallelse till bolagsst\u00e4mman<\/a><\/p>\n<p><a href=\"http:\/\/sagafurs.wpenginepowered.com\/wp-content\/uploads\/2023\/02\/Saga-Furs-styrelsens-verksamhetsberattelse-och-bokslut-2021-2022.pdf\">Styrelsens verksamhetsberattelse och bokslut 1.11.2021\u201331.10.2022<\/a><\/p>\n<p><a href=\"http:\/\/sagafurs.wpenginepowered.com\/wp-content\/uploads\/2023\/02\/Saga-Furs-ersattningsrapport-2021-2022.pdf\">Ers\u00e4ttningsrapport 2021\/2022<\/a><\/p>\n<p><a href=\"https:\/\/sagafurs.wpenginepowered.com\/wp-content\/uploads\/2023\/03\/Saga-Furs-Bolaggstamman-2023-Fullmakt-SWE-2023.pdf\">Fullmakt<\/a><\/p>\n<p><a href=\"https:\/\/sagafurs.wpenginepowered.com\/wp-content\/uploads\/2023\/04\/Bolagsstamma-2023-Ordforande-inledning.pdf\">Styrelseordf\u00f6randens inledning<\/a><\/p>\n<p><a href=\"https:\/\/sagafurs.wpenginepowered.com\/wp-content\/uploads\/2023\/04\/Bolagsstamma-2023-Verkstallande-direktorens-oversikt.pdf\">Verkst\u00e4llande direkt\u00f6rens \u00f6versikt<\/a><\/p>\n<p><a href=\"https:\/\/www.sagafurs.com\/sv\/bolaget\/investerare\/stock-exchange-releases\/borsmeddelande\/?encryptedId=B2BA5ECA07A24DBD\">Ordinarie bolagsst\u00e4mmans beslut<\/a><\/p>\n<p><a href=\"https:\/\/sagafurs.wpenginepowered.com\/wp-content\/uploads\/2023\/04\/Yhtiokokous-2023-Poytakirja.pdf\">Protokoll (p\u00e5 finska)<\/a><\/p>\n<p>&nbsp;<\/p>\n<h2><\/h2>\n<h2>Bolagsst\u00e4mman 29.4.2022<\/h2>\n<p>Saga Furs Oyj:s ordinarie bolagsst\u00e4mma ordnades\u00a0<strong>fredagen den 29 april 2022<\/strong> i bolagets utrymmen, adress M\u00e5rtensbyv\u00e4gen 48, Vanda.<\/p>\n<p>Bolagets aktie\u00e4gare och deras ombud kunde delta i st\u00e4mman och anv\u00e4nda sina aktie\u00e4garr\u00e4ttigheter endast genom att r\u00f6sta p\u00e5 f\u00f6rhand och\/eller komma med motf\u00f6rslag och\/eller st\u00e4lla fr\u00e5gor p\u00e5 f\u00f6rhand. Aktie\u00e4gare eller deras ombud kunde inte delta i bolagsst\u00e4mman p\u00e5 st\u00e4mmoplatsen. Mer noggranna anvisningar f\u00f6r aktie\u00e4garna fanns i kallelsen till bolagsst\u00e4mman.<\/p>\n<p>Aktie\u00e4garna kunde f\u00f6lja bolagsst\u00e4mman som en webbs\u00e4ndning under f\u00f6ruts\u00e4ttning att anm\u00e4lan och f\u00f6rhandsr\u00f6stning hade utf\u00f6rts p\u00e5 s\u00e4tt som beskrivdes i kallelse.<\/p>\n<p>Bolagets styrelse hade beslutat om s\u00e4rskilt m\u00f6tesf\u00f6rfarande enligt den tillf\u00e4lliga lag som riksdagen godk\u00e4nde den 7 maj 2021 f\u00f6r att begr\u00e4nsa spridningen av COVID 19-pandemin samt f\u00f6r att s\u00e4kra aktie\u00e4garnas, personalens och andra intressentgruppers h\u00e4lsa och s\u00e4kerhet.<\/p>\n<p><a href=\"http:\/\/sagafurs.wpenginepowered.com\/wp-content\/uploads\/2022\/04\/Saga-Furs-Oyj-Bolagsstammakallelse-2022.pdf\">Kallelse till bolagsst\u00e4mman<\/a><\/p>\n<p><a href=\"http:\/\/sagafurs.wpenginepowered.com\/wp-content\/uploads\/2022\/04\/Styrelsens-verksamhetsberattelse-och-bokslut-2020-2021.pdf\">Styrelsens verksamhetsberattelse och bokslut 1.11.2020-31.10.2021<\/a><\/p>\n<p><a href=\"http:\/\/www.sagafurs.com\/wp-content\/uploads\/2022\/01\/Saga-Furs-Ersattningsrapport-2020-2021.pdf\">Ers\u00e4ttningsrapport 2020\/2021<\/a><\/p>\n<p><a href=\"http:\/\/sagafurs.wpenginepowered.com\/wp-content\/uploads\/2022\/04\/Saga-Furs-Ersattningspolicy-2022.pdf\">Ers\u00e4ttningspolicyn<\/a><\/p>\n<p><a href=\"http:\/\/sagafurs.wpenginepowered.com\/wp-content\/uploads\/2022\/04\/Saga-Furs-Bolagsstamman-Forhandsrostningsblankett-SWE-2022.pdf\">Forhandsrostningsblankett<\/a><\/p>\n<p><a href=\"http:\/\/sagafurs.wpenginepowered.com\/wp-content\/uploads\/2022\/04\/Saga-Furs-Bolagsstamman-2022-Fullmakt-SWE.pdf\">Fullmakt<\/a><\/p>\n<p><a href=\"http:\/\/sagafurs.wpenginepowered.com\/wp-content\/uploads\/2022\/04\/SagaFurs-Bolagsstamma-Styrelseordforandens-inledning-29042022.pdf\">Styrelseordf\u00f6randens inledning<\/a><\/p>\n<p><a href=\"http:\/\/sagafurs.wpenginepowered.com\/wp-content\/uploads\/2022\/04\/SagaFurs-Bolagsstamman-Verkstallande-direktorens-oversikt-29042022.pdf\">Verkst\u00e4llande direkt\u00f6rens \u00f6versikt<\/a><\/p>\n<p><a href=\"http:\/\/sagafurs.wpenginepowered.com\/wp-content\/uploads\/2022\/04\/Saga-Furs-Oyj-bolagsstammans-beslut-29042022.pdf\">Ordinarie bolagsst\u00e4mmans beslut<\/a><\/p>\n<p><a href=\"http:\/\/sagafurs.wpenginepowered.com\/wp-content\/uploads\/2022\/04\/SagaFurs-Yhtiokokous-Poytakirja-29042022.pdf\">Protokoll (p\u00e5 finska)<\/a><\/p>\n<\/section>\n<h2><\/h2>\n<p>&nbsp;<\/p>\n<section>\n<h2>Bolagsst\u00e4mman 29.4.2021<\/h2>\n<p>Saga Furs Oyj:s ordinarie bolagsst\u00e4mma ordnades\u00a0<strong>torsdagen den 29 april 2021 kl. 10:00<\/strong>\u00a0i bolagets utrymmen, adress M\u00e5rtensbyv\u00e4gen 48, Vanda.<\/p>\n<p>Bolagets aktie\u00e4gare och deras ombud kunde delta i st\u00e4mman och anv\u00e4nda sina aktie\u00e4garr\u00e4ttigheter endast genom att r\u00f6sta p\u00e5 f\u00f6rhand och\/eller komma med motf\u00f6rslag och\/eller st\u00e4lla fr\u00e5gor p\u00e5 f\u00f6rhand. Aktie\u00e4gare eller deras ombud kunde inte delta i bolagsst\u00e4mman p\u00e5 st\u00e4mmoplatsen. Mer noggranna anvisningar f\u00f6r aktie\u00e4garna fanns i kallelsen till bolagsst\u00e4mman.<\/p>\n<p>Aktie\u00e4garna kunde f\u00f6lja bolagsst\u00e4mman som en webbs\u00e4ndning under f\u00f6ruts\u00e4ttning att anm\u00e4lan och f\u00f6rhandsr\u00f6stning hade utf\u00f6rts p\u00e5 s\u00e4tt som beskrivdes i kallelse.<\/p>\n<p>Bolagets styrelse hade beslutat om s\u00e4rskilt m\u00f6tesf\u00f6rfarande enligt den tillf\u00e4lliga lag som riksdagen godk\u00e4nde den 15 september 2020 f\u00f6r att begr\u00e4nsa spridningen av COVID 19-pandemin samt f\u00f6r att s\u00e4kra aktie\u00e4garnas, personalens och andra intressentgruppers h\u00e4lsa och s\u00e4kerhet.<\/p>\n<p><a href=\"http:\/\/www.sagafurs.com\/wp-content\/uploads\/2021\/03\/Saga-Furs-Oyj-Bolagsstammakallelse-2021-1.pdf\">Kallelse till bolagsst\u00e4mman<\/a><\/p>\n<p><a href=\"http:\/\/www.sagafurs.com\/wp-content\/uploads\/2021\/02\/Saga-Furs-Styrelsens-verksamhetsberattelse-och-bokslut-2019-2020.pdf\">Styrelsens verksamhetsber\u00e4ttelse och bokslut 1.11.2019-31.10.2020<\/a><\/p>\n<p><a href=\"http:\/\/www.sagafurs.com\/wp-content\/uploads\/2021\/02\/Ersa\u0308ttningsrapport-2019-2020.pdf\">Ersa\u0308ttningsrapport 2019\/2020<\/a><\/p>\n<p><a href=\"http:\/\/www.sagafurs.com\/wp-content\/uploads\/2021\/03\/Saga-Furs-Ersattningspolicy.pdf\">Ers\u00e4ttningspolicyn<\/a><\/p>\n<p><a href=\"http:\/\/www.sagafurs.com\/wp-content\/uploads\/2021\/04\/Saga-Furs-Bolagsstamman-Forhandsrostningsblankett-SWE-2021.pdf\">F\u00f6rhandsr\u00f6stningsblankett<\/a><\/p>\n<p><a href=\"http:\/\/www.sagafurs.com\/wp-content\/uploads\/2021\/04\/Saga-Furs-Bolagsstamman-2021-Fullmakt-SWE.pdf\">Fullmakt<\/a><\/p>\n<p><a href=\"http:\/\/www.sagafurs.com\/wp-content\/uploads\/2021\/04\/Styrelseordforandens-inledning-29042021.pdf\">Styrelseordf\u00f6randens inledning<\/a><\/p>\n<p><a href=\"http:\/\/www.sagafurs.com\/wp-content\/uploads\/2021\/04\/Bolagsstamma-2021-verkstallande-direktorens-oversikt-1.pdf\">Verkst\u00e4llande direkt\u00f6rens \u00f6versikt<\/a><\/p>\n<p><a href=\"http:\/\/www.sagafurs.com\/wp-content\/uploads\/2021\/04\/Saga-Furs-Oyj_bolagsstammans-beslut-29.4.2021.pdf\">Ordinarie bolagsst\u00e4mmans beslut<\/a><\/p>\n<p><a href=\"http:\/\/www.sagafurs.com\/wp-content\/uploads\/2021\/04\/Poytakirja-Yhtiokokous-29042021.pdf\">Protokoll (p\u00e5 finska)<\/a><\/p>\n<\/section>\n<p>&nbsp;<\/p>\n<p>&nbsp;<\/p>\n<section>\n<h2>Bolagsst\u00e4mman 29.4.2020<\/h2>\n<p><span style=\"font-size: inherit;\">Saga Furs Oyj:s ordinarie bolagsst\u00e4mma \u00e4gde rum onsdagen den 29.4.2020 i bolagets utrymmen, adress M\u00e5rtensbyv\u00e4gen 48, Vanda. Bolagsst\u00e4mman ordnades i enlighet med myndigheternas f\u00f6reskrifter ang\u00e5ende bek\u00e4mpning av coronavirusepidemin. Saga Furs uppmanade aktie\u00e4garna att allvarligt \u00f6verv\u00e4ga att inte n\u00e4rvara vid bolagsst\u00e4mman. Alla aktie\u00e4gare uppmanades att f\u00f6lja bolagsst\u00e4mman via n\u00e4tet samt att ut\u00f6va sin r\u00f6str\u00e4tt genom att bemyndiga ett av de centraliserade ombuden.<\/span><\/p>\n<\/section>\n<section>\n<h4><\/h4>\n<p><a href=\"http:\/\/45s05a1g5c8iw559o2mx7vz1-wpengine.netdna-ssl.com\/wp-content\/uploads\/2020\/04\/Saga-Furs-Oyj-Bolagsst%C3%A4mmokallelse_2020_FINAL.pdf\">Kallelse till bolagst\u00e4mma<\/a><\/p>\n<p><a href=\"http:\/\/45s05a1g5c8iw559o2mx7vz1-wpengine.netdna-ssl.com\/wp-content\/uploads\/2020\/04\/Saga-Furs-Oyj-Fullmakt-med-r%C3%B6stningsanvisningar_Hautam%C3%A4ki.pdf\">Fullmakt med r\u00f6stningsanvisningar_Hautam\u00e4ki<\/a><\/p>\n<p><a href=\"http:\/\/45s05a1g5c8iw559o2mx7vz1-wpengine.netdna-ssl.com\/wp-content\/uploads\/2020\/04\/Saga-Furs-Oyj-Fullmakt-med-r%C3%B6stningsanvisningar_Tiura.pdf\">Fullmakt med r\u00f6stningsanvisningar_Tiura<\/a><\/p>\n<p><a href=\"http:\/\/45s05a1g5c8iw559o2mx7vz1-wpengine.netdna-ssl.com\/wp-content\/uploads\/2020\/03\/Saga-Furs-Styrelsens-verksamhetsber%C3%A4ttelse-och-bokslut-2018-2019.pdf\">Styrelsens verksamhetsber\u00e4ttelse och bokslut 1.11.2018\u201331.10.2019<\/a><\/p>\n<p><a href=\"http:\/\/45s05a1g5c8iw559o2mx7vz1-wpengine.netdna-ssl.com\/wp-content\/uploads\/2020\/04\/Saga_Furs_Ers%C3%A4ttningspolicy-1.pdf\">Ers\u00e4ttningspolicy<\/a><\/p>\n<p><a href=\"http:\/\/45s05a1g5c8iw559o2mx7vz1-wpengine.netdna-ssl.com\/wp-content\/uploads\/2020\/04\/Styrelseordf%C3%B6randens-inledning-29042020.pdf\">Styrelseordf\u00f6randens inledning<\/a><\/p>\n<p><a href=\"http:\/\/45s05a1g5c8iw559o2mx7vz1-wpengine.netdna-ssl.com\/wp-content\/uploads\/2020\/04\/Bolagsst%C3%A4mma-2020_verkst%C3%A4llande-direkt%C3%B6rens-%C3%B6versikt.pdf\">Verkst\u00e4llande direkt\u00f6rens \u00f6versikt<\/a><\/p>\n<p><a href=\"http:\/\/45s05a1g5c8iw559o2mx7vz1-wpengine.netdna-ssl.com\/wp-content\/uploads\/2020\/04\/Den-ordinarie-bolagsst%C3%A4mmans-beslut.pdf\">Den ordinarie bolagsst\u00e4mmans beslut<\/a><\/p>\n<p><a href=\"http:\/\/45s05a1g5c8iw559o2mx7vz1-wpengine.netdna-ssl.com\/wp-content\/uploads\/2020\/04\/P%C3%B6yt%C3%A4kirja-Yhti%C3%B6kokous-29042020.pdf\">Protokoll (p\u00e5 finska)<\/a><\/p>\n<\/section>\n<h2><\/h2>\n<p>&nbsp;<\/p>\n<section>\n<h2><\/h2>\n<h2 class=\"small-12 columns\" style=\"text-align: left;\">Bolagsst\u00e4mman 26.4.2019<\/h2>\n<\/section>\n<section>\n<div class=\"small-12 columns\">\n<p>Saga Furs Oyj:s ordinarie bolagsst\u00e4mma ordnades fredagen den 26.4.2019 i Karleby p\u00e5 Sokos Hotel Kaarle.<\/p>\n<p><a href=\"http:\/\/45s05a1g5c8iw559o2mx7vz1-wpengine.netdna-ssl.com\/wp-content\/uploads\/2019\/03\/Saga-Furs-Bolagsst\u00e4mmokallelse-2019.pdf\" target=\"_blank\" rel=\"noopener noreferrer\">Kallelse till bolagst\u00e4mma<\/a><\/p>\n<p><a href=\"http:\/\/45s05a1g5c8iw559o2mx7vz1-wpengine.netdna-ssl.com\/wp-content\/uploads\/2019\/02\/Saga-Furs-Styrelsens-verksamhetsber%C3%A4ttelse-och-bokslut-2017-2018.pdf\">Styrelsens verksamhetsber\u00e4ttelse och bokslut 1.11.2017\u201331.10.2018<\/a><\/p>\n<p><a href=\"http:\/\/45s05a1g5c8iw559o2mx7vz1-wpengine.netdna-ssl.com\/wp-content\/uploads\/2019\/04\/Saga-Furs-arsredovisning-2017-2018.pdf\" target=\"_blank\" rel=\"noopener noreferrer\">Styrelsens verksamhetsber\u00e4ttelse och bokslut 1.11.2017\u201331.10.2018 (ombruten version)<\/a><\/p>\n<p><a href=\"http:\/\/45s05a1g5c8iw559o2mx7vz1-wpengine.netdna-ssl.com\/wp-content\/uploads\/2019\/04\/Styrelseordf\u00f6randens-inledning.pdf\">Styrelseordf\u00f6randens inledning<\/a><\/p>\n<p><a href=\"http:\/\/45s05a1g5c8iw559o2mx7vz1-wpengine.netdna-ssl.com\/wp-content\/uploads\/2019\/04\/Verkst\u00e4llande-direkt\u00f6rens-\u00f6versikt.pdf\">Verkst\u00e4llande direkt\u00f6rens \u00f6versikt<\/a><\/p>\n<p style=\"text-align: left;\"><a href=\"http:\/\/45s05a1g5c8iw559o2mx7vz1-wpengine.netdna-ssl.com\/wp-content\/uploads\/2019\/04\/Beslut-vid-Saga-Furs-Oyj-bolagsst\u00e4mma.pdf\">Den ordinarie bolagsst\u00e4mmans beslut<\/a><\/p>\n<p><a href=\"http:\/\/45s05a1g5c8iw559o2mx7vz1-wpengine.netdna-ssl.com\/wp-content\/uploads\/2019\/04\/Yk-2019-p\u00f6yt\u00e4kirja-1.pdf\">Protokoll (p\u00e5 finska)<\/a><\/p>\n<p>&nbsp;<\/p>\n<\/div>\n<p>&nbsp;<\/p>\n<\/section>\n<h1><\/h1>\n<h2><\/h2>\n<h2>Bolagsst\u00e4mman 19.4.2018<\/h2>\n<p>Saga Furs Oyj:s aktie\u00e4gare kallas till ordinarie bolagsst\u00e4mma som \u00e4ger rum torsdagen den 19.4.2018 fr.o.m. kl. 10.00 p\u00e5 bolagets huvudkontor, adress M\u00e5rtensbyv\u00e4gen 48, Vanda. Registreringen av till st\u00e4mman anm\u00e4lda deltagare och utdelning av r\u00f6stningskuponger b\u00f6rjar kl. 9.30. Lunch serveras efter bolagst\u00e4mman.\u00a0Om en aktie\u00e4gare kr\u00e4ver att ett visst \u00e4rende skall behandlas vid den ordinarie bolagsst\u00e4mman, b\u00f6r han\/hon informera bolagets styrelse d\u00e4rom per e-post till adressen <a href=\"mailto:info@sagafurs.com\">info@sagafurs.com<\/a> senast den 15.2.2018.<\/p>\n<p><a href=\"http:\/\/www.sagafurs.com\/wp-content\/uploads\/2018\/03\/Saga-Furs-Bolagsst\u00e4mmokallelse-2018.pdf\">Kallelse till bolagst\u00e4mma<\/a><\/p>\n<p><a href=\"http:\/\/www.sagafurs.com\/wp-content\/uploads\/2018\/02\/Saga-Furs-Styrelsens-verksamhetsber\u00e4ttelse-och-bokslut-2016-2017.pdf\">Styrelsens verksamhetsber\u00e4ttelse och bokslut 1.11.2016\u201331.10.2017<\/a><\/p>\n<p><a href=\"http:\/\/www.sagafurs.com\/wp-content\/uploads\/2018\/04\/Saga-Furs-\u00e5rsrapport-2016-2017.pdf\">Styrelsens verksamhetsber\u00e4ttelse och bokslut 1.11.2016\u201331.10.2017 (ombruten version)<\/a><\/p>\n<p><a href=\"http:\/\/www.sagafurs.com\/wp-content\/uploads\/2018\/04\/Saga-Furs-Styrelseordf\u00f6randens-inledning.pdf\">Styrelseordf\u00f6randens inledning<\/a><\/p>\n<p><a href=\"http:\/\/www.sagafurs.com\/wp-content\/uploads\/2018\/04\/Saga-Furs-Verkst\u00e4llande-direkt\u00f6r-Bolagsst\u00e4mma-2018.pdf\">Verkst\u00e4llande direkt\u00f6rens \u00f6versikt<\/a><\/p>\n<p><a href=\"https:\/\/globenewswire.com\/news-release\/2018\/04\/19\/1481637\/0\/sv\/Beslut-vid-Saga-Furs-Oyj-s-bolagsst%C3%A4mma.html?print=1\">Den ordinarie bolagsst\u00e4mmans beslut<\/a><\/p>\n<p><a href=\"http:\/\/www.sagafurs.com\/wp-content\/uploads\/2018\/04\/Saga-Furs-Oyj-Yhti\u00f6kokousp\u00f6yt\u00e4kirja-19.4.2018.pdf\">Protokoll (p\u00e5 finska)<\/a><\/p>\n<h2>Bolagsst\u00e4mman 27.4.2017<\/h2>\n<p>Saga Furs Oyj:s aktie\u00e4gare kallas till ordinarie bolagsst\u00e4mma som \u00e4ger rum torsdagen den 27.4.2017 fr.o.m. kl. 10.00 p\u00e5 bolagets huvudkontor, adress M\u00e5rtensbyv\u00e4gen 48, Vanda. Registreringen av till st\u00e4mman anm\u00e4lda deltagare och utdelning av r\u00f6stningskuponger b\u00f6rjar kl. 9.30. Lunch serveras efter bolagst\u00e4mman.<\/p>\n<p>Om en aktie\u00e4gare kr\u00e4ver att ett visst \u00e4rende skall behandlas vid den ordinarie bolagsst\u00e4mman, b\u00f6r han\/hon informera bolagets styrelse d\u00e4rom per e-post till adressen <a href=\"mailto:info@sagafurs.com\">info@sagafurs.com<\/a> senast den 15.2.2017.<\/p>\n<p><a href=\"http:\/\/www.sagafurs.com\/wp-content\/uploads\/2017\/03\/Saga-Furs-Oyj-Bolagsst\u00e4mmokallelse_final_270317.pdf\">Kallelse till bolagst\u00e4mma<\/a><\/p>\n<p><a href=\"http:\/\/www.sagafurs.com\/wp-content\/uploads\/2017\/02\/Styrelsens-verksamhetsber\u00e4ttelse-och-bokslut-f\u00f6r-r\u00e4kenskapsperioden-1.11.2015-31.10.2016-1.pdf\">Styrelsens verksamhetsber\u00e4ttelse och bokslut 1.11.2015-31.10.2016<\/a><\/p>\n<p><a href=\"http:\/\/www.sagafurs.com\/wp-content\/uploads\/2016\/11\/Sagafurs_SVE_2017_web.pdf\">Styrelsens verksamhetsber\u00e4ttelse och bokslut 1.11.2015-31.10.2016 (ombruten version)<\/a><\/p>\n<p><a href=\"http:\/\/www.sagafurs.com\/wp-content\/uploads\/2017\/04\/Bolagsst\u00e4mma-2017_Jorma-Kauppila_SWE.pdf\">Styrelse ordf\u00f6rares inledning<\/a><\/p>\n<p><a href=\"http:\/\/www.sagafurs.com\/wp-content\/uploads\/2017\/04\/Bolagsst\u00e4mma-2017-PF_FINAL.pdf\">Verkst\u00e4llande direkt\u00f6rens \u00f6versikt<\/a><\/p>\n<p><a href=\"http:\/\/www.sagafurs.com\/wp-content\/uploads\/2017\/04\/Ordinarie-bolagsst\u00e4mmans-beslut.pdf\">Den ordinarie bolagsst\u00e4mmans beslut<\/a><\/p>\n<p><a href=\"http:\/\/www.sagafurs.com\/wp-content\/uploads\/2017\/04\/yhtiokokouksen-poytakirja270417.pdf\">Protokoll<\/a><\/p>\n<hr \/>\n<p>&nbsp;<\/p>\n<h2>Bolagsst\u00e4mman 21.4.2016<\/h2>\n<p>Aktie\u00e4garna i Saga Furs Oyj kallas till ordinarie bolagsst\u00e4mma som \u00e4ger rum torsdagen den 21.4.2016 fr.o.m. kl. 12.30 p\u00e5 bolagets huvudkontor, adress M\u00e5rtensbyv\u00e4gen 48, Vanda. Lunchen serveras fr.o.m. kl. 11.00 och registreringen av till st\u00e4mman anm\u00e4lda deltagare och utdelning av r\u00f6stningskuponger b\u00f6rjar kl. 12.00.<\/p>\n<p>Om en aktie\u00e4gare kr\u00e4ver att ett visst \u00e4rende skall behandlas vid den ordinarie bolagsst\u00e4mman, b\u00f6r han\/hon informera bolagets styrelse d\u00e4rom per e-post till adressen <a href=\"mailto:info@sagafurs.com\">info@sagafurs.com<\/a> senast den 6.3.2016.<\/p>\n<p><a href=\"https:\/\/www.sagafurs.com\/wp-content\/uploads\/2016\/11\/KallelseAGM2016_FINAL.pdf\" target=\"_blank\" rel=\"noopener noreferrer\">Kallelse till bolagst\u00e4mma<\/a><\/p>\n<p><a href=\"https:\/\/www.sagafurs.com\/wp-content\/uploads\/2016\/11\/Styrelsensverksamhetsber\u00e4ttelseochbokslutisinhelhetf\u00f6rr\u00e4kenskapsperioden1.11.2014-31.10.2015.pdf\" target=\"_blank\" rel=\"noopener noreferrer\">Styrelsens verksamhetsber\u00e4ttelse och bokslut 1.11.2014-31.10.2015<\/a><\/p>\n<p><a href=\"https:\/\/www.sagafurs.com\/wp-content\/uploads\/2016\/11\/styrelseordforaresinledning.pdf\" target=\"_blank\" rel=\"noopener noreferrer\">Styrelse ordf\u00f6rares inledning \u00a0<\/a><\/p>\n<p><a href=\"https:\/\/www.sagafurs.com\/wp-content\/uploads\/2016\/11\/toimitusjohtajankatsaus_fi_se-3.pdf\" target=\"_blank\" rel=\"noopener noreferrer\">Verkst\u00e4llande direkt\u00f6rens \u00f6versikt<\/a><\/p>\n<p><a href=\"https:\/\/www.sagafurs.com\/wp-content\/uploads\/2016\/11\/ordinariebolagstammansbeslut.pdf\" target=\"_blank\" rel=\"noopener noreferrer\">Den ordinarie bolagsst\u00e4mmans beslut<\/a><\/p>\n<p><a href=\"https:\/\/www.sagafurs.com\/wp-content\/uploads\/2016\/11\/Yhti\u00f6kokousp\u00f6yt\u00e4kirja210416-3.pdf\" target=\"_blank\" rel=\"noopener noreferrer\">Protokoll<\/a><\/p>\n<p>&nbsp;<\/p>\n<hr \/>\n<h2>Bolagsst\u00e4mman 22.4.2015<\/h2>\n<p>Aktie\u00e4garna i Saga Furs Oyj kallas till ordinarie bolagsst\u00e4mma som \u00e4ger rum onsdagen den 22.4.2015 fr.o.m. kl. 12.30 p\u00e5 hotell Rantasipi Tropiclandia, adress Sommarstigen 1, Vasa. Lunchen serveras fr.o.m. kl. 11.00 och registreringen av till st\u00e4mman anm\u00e4lda deltagare och utdelning av r\u00f6stningskuponger b\u00f6rjar kl. 12.00.<\/p>\n<p><a href=\"https:\/\/www.sagafurs.com\/wp-content\/uploads\/2016\/11\/KallelseAGM2015_FINAL.pdf\" target=\"_blank\" rel=\"noopener noreferrer\">Kallelse till bolagst\u00e4mma<\/a><\/p>\n<p><a href=\"https:\/\/www.sagafurs.com\/wp-content\/uploads\/2016\/11\/Bokslut2014-10-31SWE.pdf\" target=\"_blank\" rel=\"noopener noreferrer\">Styrelsens verksamhetsber\u00e4ttelse och bokslut 1.11.2013 &#8211; 31.10.2014<\/a><\/p>\n<p><a href=\"https:\/\/www.sagafurs.com\/wp-content\/uploads\/2016\/11\/Sagafurs_tilinp\u00e4\u00e4t\u00f6sSVE_web.pdf\" target=\"_blank\" rel=\"noopener noreferrer\">Styrelsens verksamhetsber\u00e4ttelse och bokslut 1.11.2013 &#8211; 31.10.2014 (ombruten)<\/a><\/p>\n<p><a href=\"https:\/\/www.sagafurs.com\/wp-content\/uploads\/2016\/11\/Styrelseordf\u00f6randesinledning22.4.2015.pdf\" target=\"_blank\" rel=\"noopener noreferrer\">Styrelse ordf\u00f6rares inledning<\/a><\/p>\n<p><a href=\"https:\/\/www.sagafurs.com\/wp-content\/uploads\/2016\/11\/Yhti\u00f6kokous2015-04-22Fin_SweFINAL-1.pdf\" target=\"_blank\" rel=\"noopener noreferrer\">Verkst\u00e4llande direkt\u00f6rens \u00f6versikt<\/a><br \/>\n<a href=\"https:\/\/www.sagafurs.com\/wps\/wcm\/connect\/5fb76f74-a938-4965-b124-93c5f233d35a\/Toimitusjohtajan+katsaus_Yhti%C3%B6kokous+2015-04-22+Fin_Swe+FINAL.pptx?MOD=AJPERES\" target=\"_blank\" rel=\"noopener noreferrer\"><br \/>\n<\/a><a href=\"https:\/\/www.sagafurs.com\/wp-content\/uploads\/2016\/11\/Borsmeddelande_220414_svenska.pdf\" target=\"_blank\" rel=\"noopener noreferrer\">Den ordinarie bolagsst\u00e4mmans beslut<\/a><\/p>\n<p><a href=\"https:\/\/www.sagafurs.com\/wp-content\/uploads\/2016\/11\/P\u00f6yt\u00e4kirja220415-1.pdf\" target=\"_blank\" rel=\"noopener noreferrer\">Protokoll<\/a><\/p>\n<hr \/>\n<h2>Bolagsst\u00e4mman 24.04.2014<\/h2>\n<p>Aktie\u00e4garna i Saga Furs Oyj kallas till ordinarie bolagsst\u00e4mma som \u00e4ger rum torsdagen den 24.4.2014 fr.o.m. kl. 12.30 p\u00e5 Sokos Hotel Kaarle, adress Salutorget 4, 67100 Karleby. Lunchen serveras fr.o.m. kl. 11.00 och registreringen av till st\u00e4mman anm\u00e4lda deltagare och utdelning av r\u00f6stningskuponger b\u00f6rjar kl. 12.00.<\/p>\n<p><a href=\"https:\/\/www.sagafurs.com\/wp-content\/uploads\/2016\/11\/SagaFursOyjAGM2014-kallelseFINAL_SWE.pdf\" target=\"_blank\" rel=\"noopener noreferrer\">Kallelse till bolagsst\u00e4mma<\/a><\/p>\n<p><a href=\"https:\/\/www.sagafurs.com\/wp-content\/uploads\/2016\/11\/Saga_vsk13_SV.pdf\" target=\"_blank\" rel=\"noopener noreferrer\">Styrelsens verksamhetsber\u00e4ttelse och bokslut 1.9.2012 &#8211; 31.10.2013 (pdf)\u00a0<\/a><\/p>\n<p><a href=\"https:\/\/www.sagafurs.com\/wp-content\/uploads\/2016\/11\/Saga_vsk13_SV-1.pdf\" target=\"_blank\" rel=\"noopener noreferrer\">Styrelsens verksamhetsber\u00e4ttelse och bokslut 1.9.2012 &#8211; 31.10.2013 (ombruten version)<\/a><\/p>\n<p><a href=\"https:\/\/www.sagafurs.com\/wp-content\/uploads\/2016\/11\/B\u00f6rsmeddelande240414_styrelsef\u00f6rslag.pdf\" target=\"_blank\" rel=\"noopener noreferrer\">Bolagets st\u00f6rsta aktie\u00e4gares st\u00e5ndpunkt till sammans\u00e4ttningen av den styrelse som v\u00e4ljs vid bolagsst\u00e4mman den 24.4.2014<\/a><\/p>\n<p><a href=\"https:\/\/www.sagafurs.com\/wp-content\/uploads\/2016\/11\/Personoch\u00e4gandeuppgifteromdepersonersomf\u00f6resl\u00e5stillstyrelsemedlemmar.pdf\" target=\"_blank\" rel=\"noopener noreferrer\">Person- och \u00e4gandeuppgifter om de personer som f\u00f6resl\u00e5s till bolagets styrelsemedlemmar<\/a><\/p>\n<p><a href=\"https:\/\/www.sagafurs.com\/wp-content\/uploads\/2016\/11\/Bolagsst\u00e4mma2404_Jormastal.pdf\" target=\"_blank\" rel=\"noopener noreferrer\">Sryrelse ordf\u00f6rares inledning<\/a><\/p>\n<p><a href=\"https:\/\/www.sagafurs.com\/wp-content\/uploads\/2016\/11\/Yhti\u00f6kokous2014-04-24PF-1.pdf\" target=\"_blank\" rel=\"noopener noreferrer\">Verkst\u00e4llande direkt\u00f6rens \u00f6versikt<\/a><\/p>\n<p><a href=\"https:\/\/www.sagafurs.com\/wp-content\/uploads\/2016\/11\/Porssitiedote_240414_svenska.pdf\" target=\"_blank\" rel=\"noopener noreferrer\">Den ordinarie bolagsst\u00e4mmans beslut<\/a><\/p>\n<p><a href=\"https:\/\/www.sagafurs.com\/wp-content\/uploads\/2016\/11\/P\u00f6yt\u00e4kirja240414-1.pdf\" target=\"_blank\" rel=\"noopener noreferrer\">Protokoll<\/a><\/p>\n<p>&nbsp;<\/p>\n<hr \/>\n<h2>Bolagsst\u00e4mman 24.01.2013<\/h2>\n<p>Aktie\u00e4garna i Saga Furs Oyj kallas till ordinarie bolagsst\u00e4mma som \u00e4ger rum torsdagen den 24.1.2013 fr.o.m. kl. 12.30 p\u00e5 Fur Center, adress M\u00e5rtensbyv\u00e4gen 48, Vanda. Lunchen serveras fr.o.m. kl. 11.00 och registreringen av till st\u00e4mman anm\u00e4lda deltagare och utdelning av r\u00f6stningskuponger b\u00f6rjar kl. 12.00.<\/p>\n<p>Om en aktie\u00e4gare kr\u00e4ver att ett visst \u00e4rende skall behandlas vid den ordinarie bolagsst\u00e4mman, b\u00f6r han\/hon informera bolagets styrelse d\u00e4rom per e-post till adressen info@sagafurs.com senast den 22.11.2012.<\/p>\n<p><a href=\"https:\/\/www.sagafurs.com\/wp-content\/uploads\/2016\/11\/yhtiokokouskutsu_svenska.pdf\" target=\"_blank\" rel=\"noopener noreferrer\">Kallelse till bolagsst\u00e4mma<\/a><\/p>\n<p><a href=\"https:\/\/www.sagafurs.com\/wp-content\/uploads\/2016\/11\/Styrelsensf\u00f6rslag.pdf\" target=\"_blank\" rel=\"noopener noreferrer\">Styrelsens f\u00f6rslag om \u00e4ndring av bolagsordningen<\/a><\/p>\n<p><a href=\"https:\/\/www.sagafurs.com\/wp-content\/uploads\/2016\/11\/Liite_uusiyhti\u00f6j\u00e4rjestyskokonaisuudessan-1.pdf\" target=\"_blank\" rel=\"noopener noreferrer\">Bilaga: Ny bolagsordning i sin helhet (p\u00e5 finska)<\/a><\/p>\n<p><a href=\"https:\/\/www.sagafurs.com\/wp-content\/uploads\/2016\/11\/Sagafurs_2012_R_web.pdf\" target=\"_blank\" rel=\"noopener noreferrer\">Styrelsens verksamhetsber\u00e4ttelse och bokslut 1.9.2011 &#8211; 31.8.2012<\/a><\/p>\n<p><a href=\"https:\/\/www.sagafurs.com\/wp-content\/uploads\/2016\/11\/Sryrelseordforaresinledning.pdf\" target=\"_blank\" rel=\"noopener noreferrer\">Styrelse ordf\u00f6rares inledning<\/a><\/p>\n<p><a href=\"https:\/\/www.sagafurs.com\/wp-content\/uploads\/2016\/11\/Verkst\u00e4llandedirekt\u00f6rens\u00f6versikt.pdf\" target=\"_blank\" rel=\"noopener noreferrer\">Verkst\u00e4llande direkt\u00f6rens \u00f6versikt<\/a><\/p>\n<p><a href=\"https:\/\/www.sagafurs.com\/wp-content\/uploads\/2016\/11\/B\u00f6rsmeddelande_240113.pdf\" target=\"_blank\" rel=\"noopener noreferrer\">Bolagsst\u00e4mman besl\u00f6t om en fr\u00e5n styrelsens f\u00f6rslag avvikande utdelning<\/a><\/p>\n<p><a href=\"https:\/\/www.sagafurs.com\/wp-content\/uploads\/2016\/11\/ordinariebolagstammansbeslut_240113.pdf\" target=\"_blank\" rel=\"noopener noreferrer\">Den ordinarie bolagsst\u00e4mmans beslut<\/a><\/p>\n<p><a href=\"https:\/\/www.sagafurs.com\/wp-content\/uploads\/2016\/11\/P\u00f6yt\u00e4kirja_240113-1.pdf\" target=\"_blank\" rel=\"noopener noreferrer\">Protokoll<\/a><\/p>\n<p>&nbsp;<\/p>\n<hr \/>\n<h2>Bolagsst\u00e4mman 19.01.2012<\/h2>\n<p>Aktie\u00e4garna i Saga Furs Oyj kallas till ordinarie bolagsst\u00e4mma som \u00e4ger rum torsdagen den 19.1.2012 fr.o.m. kl 12.30 p\u00e5 hotell Radisson Blu Royal, adress Hovr\u00e4ttsesplanaden 18, Vasa. Registreringen av till st\u00e4mman anm\u00e4lda deltagare och utdelning av r\u00f6stningskuponger b\u00f6rjar kl. 12.00.<\/p>\n<p>Om en aktie\u00e4gare kr\u00e4ver att ett visst \u00e4rende skall behandlas vid den ordinarie bolagsst\u00e4mman, b\u00f6r han\/hon informera bolagets styrelse d\u00e4rom per e-post till adressen info@sagafurs.com senast den 7.11.2011.<\/p>\n<p><a href=\"https:\/\/www.sagafurs.com\/wp-content\/uploads\/2016\/11\/Kompletteradkallelseisinhelhet_20122011.pdf\" target=\"_blank\" rel=\"noopener noreferrer\">Kompletterad bolagsst\u00e4mmokallelse 20.12.2011<\/a><\/p>\n<p><a href=\"https:\/\/www.sagafurs.com\/wp-content\/uploads\/2016\/11\/Schaumansf\u00f6rslag_20122011.pdf\" target=\"_blank\" rel=\"noopener noreferrer\">Aktie\u00e4gare Carl-Magnus Schaumans f\u00f6rslag till Saga Furs Oyj:s bolagsst\u00e4mma<\/a><\/p>\n<p><a href=\"https:\/\/www.sagafurs.com\/wp-content\/uploads\/2016\/11\/Sagafurs_2010-2011_R.pdf\" target=\"_blank\" rel=\"noopener noreferrer\">Styrelsens verksamhetsber\u00e4ttelse och bokslut 1.9.2010 &#8211; 31.8.2011<\/a><\/p>\n<p><a href=\"https:\/\/www.sagafurs.com\/wp-content\/uploads\/2016\/11\/porssitiedote190112_1_svenska.pdf\" target=\"_blank\" rel=\"noopener noreferrer\">Den st\u00f6rsta aktie\u00e4garens \u00e5sikt i vissa \u00e4renden som skall behandlas p\u00e5 bolagsst\u00e4mman den 19 januari 2012 har kommit till bolagets k\u00e4nnedom<\/a><\/p>\n<p><a href=\"https:\/\/www.sagafurs.com\/wp-content\/uploads\/2016\/11\/MirkkuKullberg_svenska.pdf\" target=\"_blank\" rel=\"noopener noreferrer\">Person- och \u00e4gandeuppgifter om Mirja-Leena Kullberg som f\u00f6resl\u00e5s till bolagets styrelsemedlem<\/a><\/p>\n<p><a href=\"https:\/\/www.sagafurs.com\/wp-content\/uploads\/2016\/11\/jormakauppilanpuhe_svenska_190112.pdf\" target=\"_blank\" rel=\"noopener noreferrer\">Sryrelse ordf\u00f6rares inledning<\/a><\/p>\n<p><a href=\"https:\/\/www.sagafurs.com\/wp-content\/uploads\/2016\/11\/toimitusjohtajankatsaus_suomi_ruotsi_2012_yhtiokokous-1.pdf\" target=\"_blank\" rel=\"noopener noreferrer\">Verkst\u00e4llande direkt\u00f6rens \u00f6versikt<\/a><\/p>\n<p><a href=\"https:\/\/www.sagafurs.com\/wp-content\/uploads\/2016\/11\/porssitiedote190112_2_svenska.pdf\" target=\"_blank\" rel=\"noopener noreferrer\">Den ordinarie bolagsst\u00e4mmans beslut<\/a><\/p>\n<p><a href=\"https:\/\/www.sagafurs.com\/wp-content\/uploads\/2016\/11\/yhtiokokouksenptk_310112-1.pdf\" target=\"_blank\" rel=\"noopener noreferrer\">Protokoll<\/a><\/p>\n","protected":false},"excerpt":{"rendered":"<p>Bolagsst\u00e4mman 2025 Saga Furs Oyj:s ordinarie bolagsst\u00e4mma ordnades\u00a0fredagen 25.4.2025\u00a0fr\u00e5n och med kl. 10.00 i Fur Centers utrymmen p\u00e5 adressen M\u00e5rtensbyv\u00e4gen 48, Vanda. Aktie\u00e4gare som \u00f6nskade delta i bolagsst\u00e4mman var att anm\u00e4la sig senast 22.4.2025 kl. 10.00. Kallelsen till bolaggst\u00e4mma finns nedan. Kallelse till bolagsst\u00e4mman Styrelsens verksamhetsber\u00e4ttelse och bokslut 1.11.2023-31.10.2024 Ers\u00e4ttningsrapport 2023\/2024 Fullmakt Styrelseordf\u00f6randes inledning Verkst\u00e4llande<a class=\"excerpt-read-more\" href=\"https:\/\/www.sagafurs.com\/sv\/bolaget\/bolagets-forvaltning\/bolagsstamman\/tidigare-bolagsstammor\/\" title=\"L\u00e4sTidigare bolagsst\u00e4mmor\">\u2026 L\u00e4s mera &raquo;<\/a><\/p>\n","protected":false},"author":29,"featured_media":0,"parent":5927,"menu_order":0,"comment_status":"closed","ping_status":"closed","template":"templates\/content-page-template.php","meta":{"_acf_changed":false,"footnotes":""},"class_list":["post-8075","page","type-page","status-publish","hentry"],"acf":[],"yoast_head":"<!-- This site is optimized with the Yoast SEO plugin v27.4 - https:\/\/yoast.com\/product\/yoast-seo-wordpress\/ -->\n<title>Tidigare bolagsst\u00e4mmor - Sagafurs<\/title>\n<meta name=\"robots\" content=\"index, follow, max-snippet:-1, max-image-preview:large, max-video-preview:-1\" \/>\n<link rel=\"canonical\" href=\"https:\/\/www.sagafurs.com\/sv\/bolaget\/bolagets-forvaltning\/bolagsstamman\/tidigare-bolagsstammor\/\" \/>\n<meta property=\"og:locale\" content=\"sv_SE\" \/>\n<meta property=\"og:type\" content=\"article\" \/>\n<meta property=\"og:title\" content=\"Tidigare bolagsst\u00e4mmor - Sagafurs\" \/>\n<meta property=\"og:description\" content=\"Bolagsst\u00e4mman 2025 Saga Furs Oyj:s ordinarie bolagsst\u00e4mma ordnades\u00a0fredagen 25.4.2025\u00a0fr\u00e5n och med kl. 10.00 i Fur Centers utrymmen p\u00e5 adressen M\u00e5rtensbyv\u00e4gen 48, Vanda. Aktie\u00e4gare som \u00f6nskade delta i bolagsst\u00e4mman var att anm\u00e4la sig senast 22.4.2025 kl. 10.00. Kallelsen till bolaggst\u00e4mma finns nedan. Kallelse till bolagsst\u00e4mman Styrelsens verksamhetsber\u00e4ttelse och bokslut 1.11.2023-31.10.2024 Ers\u00e4ttningsrapport 2023\/2024 Fullmakt Styrelseordf\u00f6randes inledning Verkst\u00e4llande\u2026 L\u00e4s mera &raquo;\" \/>\n<meta property=\"og:url\" content=\"https:\/\/www.sagafurs.com\/sv\/bolaget\/bolagets-forvaltning\/bolagsstamman\/tidigare-bolagsstammor\/\" \/>\n<meta property=\"og:site_name\" content=\"Sagafurs\" \/>\n<meta property=\"article:modified_time\" content=\"2026-02-11T10:15:59+00:00\" \/>\n<meta name=\"twitter:card\" content=\"summary_large_image\" \/>\n<meta name=\"twitter:label1\" content=\"Ber\u00e4knad l\u00e4stid\" \/>\n\t<meta name=\"twitter:data1\" content=\"6 minuter\" \/>\n<script type=\"application\/ld+json\" class=\"yoast-schema-graph\">{\"@context\":\"https:\\\/\\\/schema.org\",\"@graph\":[{\"@type\":\"WebPage\",\"@id\":\"https:\\\/\\\/www.sagafurs.com\\\/sv\\\/bolaget\\\/bolagets-forvaltning\\\/bolagsstamman\\\/tidigare-bolagsstammor\\\/\",\"url\":\"https:\\\/\\\/www.sagafurs.com\\\/sv\\\/bolaget\\\/bolagets-forvaltning\\\/bolagsstamman\\\/tidigare-bolagsstammor\\\/\",\"name\":\"Tidigare bolagsst\u00e4mmor - Sagafurs\",\"isPartOf\":{\"@id\":\"https:\\\/\\\/www.sagafurs.com\\\/#website\"},\"datePublished\":\"2016-11-07T08:54:13+00:00\",\"dateModified\":\"2026-02-11T10:15:59+00:00\",\"breadcrumb\":{\"@id\":\"https:\\\/\\\/www.sagafurs.com\\\/sv\\\/bolaget\\\/bolagets-forvaltning\\\/bolagsstamman\\\/tidigare-bolagsstammor\\\/#breadcrumb\"},\"inLanguage\":\"sv-SE\",\"potentialAction\":[{\"@type\":\"ReadAction\",\"target\":[\"https:\\\/\\\/www.sagafurs.com\\\/sv\\\/bolaget\\\/bolagets-forvaltning\\\/bolagsstamman\\\/tidigare-bolagsstammor\\\/\"]}]},{\"@type\":\"BreadcrumbList\",\"@id\":\"https:\\\/\\\/www.sagafurs.com\\\/sv\\\/bolaget\\\/bolagets-forvaltning\\\/bolagsstamman\\\/tidigare-bolagsstammor\\\/#breadcrumb\",\"itemListElement\":[{\"@type\":\"ListItem\",\"position\":1,\"name\":\"Home\",\"item\":\"https:\\\/\\\/www.sagafurs.com\\\/sv\\\/\"},{\"@type\":\"ListItem\",\"position\":2,\"name\":\"Bolaget\",\"item\":\"https:\\\/\\\/www.sagafurs.com\\\/sv\\\/bolaget\\\/\"},{\"@type\":\"ListItem\",\"position\":3,\"name\":\"Bolagets f\u00f6rvaltning\",\"item\":\"https:\\\/\\\/www.sagafurs.com\\\/sv\\\/bolaget\\\/bolagets-forvaltning\\\/\"},{\"@type\":\"ListItem\",\"position\":4,\"name\":\"Bolagsst\u00e4mman\",\"item\":\"https:\\\/\\\/www.sagafurs.com\\\/sv\\\/bolaget\\\/bolagets-forvaltning\\\/bolagsstamman\\\/\"},{\"@type\":\"ListItem\",\"position\":5,\"name\":\"Tidigare bolagsst\u00e4mmor\"}]},{\"@type\":\"WebSite\",\"@id\":\"https:\\\/\\\/www.sagafurs.com\\\/#website\",\"url\":\"https:\\\/\\\/www.sagafurs.com\\\/\",\"name\":\"Sagafurs\",\"description\":\"Sagafurs\",\"potentialAction\":[{\"@type\":\"SearchAction\",\"target\":{\"@type\":\"EntryPoint\",\"urlTemplate\":\"https:\\\/\\\/www.sagafurs.com\\\/?s={search_term_string}\"},\"query-input\":{\"@type\":\"PropertyValueSpecification\",\"valueRequired\":true,\"valueName\":\"search_term_string\"}}],\"inLanguage\":\"sv-SE\"}]}<\/script>\n<!-- \/ Yoast SEO plugin. -->","yoast_head_json":{"title":"Tidigare bolagsst\u00e4mmor - Sagafurs","robots":{"index":"index","follow":"follow","max-snippet":"max-snippet:-1","max-image-preview":"max-image-preview:large","max-video-preview":"max-video-preview:-1"},"canonical":"https:\/\/www.sagafurs.com\/sv\/bolaget\/bolagets-forvaltning\/bolagsstamman\/tidigare-bolagsstammor\/","og_locale":"sv_SE","og_type":"article","og_title":"Tidigare bolagsst\u00e4mmor - Sagafurs","og_description":"Bolagsst\u00e4mman 2025 Saga Furs Oyj:s ordinarie bolagsst\u00e4mma ordnades\u00a0fredagen 25.4.2025\u00a0fr\u00e5n och med kl. 10.00 i Fur Centers utrymmen p\u00e5 adressen M\u00e5rtensbyv\u00e4gen 48, Vanda. Aktie\u00e4gare som \u00f6nskade delta i bolagsst\u00e4mman var att anm\u00e4la sig senast 22.4.2025 kl. 10.00. Kallelsen till bolaggst\u00e4mma finns nedan. Kallelse till bolagsst\u00e4mman Styrelsens verksamhetsber\u00e4ttelse och bokslut 1.11.2023-31.10.2024 Ers\u00e4ttningsrapport 2023\/2024 Fullmakt Styrelseordf\u00f6randes inledning Verkst\u00e4llande\u2026 L\u00e4s mera &raquo;","og_url":"https:\/\/www.sagafurs.com\/sv\/bolaget\/bolagets-forvaltning\/bolagsstamman\/tidigare-bolagsstammor\/","og_site_name":"Sagafurs","article_modified_time":"2026-02-11T10:15:59+00:00","twitter_card":"summary_large_image","twitter_misc":{"Ber\u00e4knad l\u00e4stid":"6 minuter"},"schema":{"@context":"https:\/\/schema.org","@graph":[{"@type":"WebPage","@id":"https:\/\/www.sagafurs.com\/sv\/bolaget\/bolagets-forvaltning\/bolagsstamman\/tidigare-bolagsstammor\/","url":"https:\/\/www.sagafurs.com\/sv\/bolaget\/bolagets-forvaltning\/bolagsstamman\/tidigare-bolagsstammor\/","name":"Tidigare bolagsst\u00e4mmor - Sagafurs","isPartOf":{"@id":"https:\/\/www.sagafurs.com\/#website"},"datePublished":"2016-11-07T08:54:13+00:00","dateModified":"2026-02-11T10:15:59+00:00","breadcrumb":{"@id":"https:\/\/www.sagafurs.com\/sv\/bolaget\/bolagets-forvaltning\/bolagsstamman\/tidigare-bolagsstammor\/#breadcrumb"},"inLanguage":"sv-SE","potentialAction":[{"@type":"ReadAction","target":["https:\/\/www.sagafurs.com\/sv\/bolaget\/bolagets-forvaltning\/bolagsstamman\/tidigare-bolagsstammor\/"]}]},{"@type":"BreadcrumbList","@id":"https:\/\/www.sagafurs.com\/sv\/bolaget\/bolagets-forvaltning\/bolagsstamman\/tidigare-bolagsstammor\/#breadcrumb","itemListElement":[{"@type":"ListItem","position":1,"name":"Home","item":"https:\/\/www.sagafurs.com\/sv\/"},{"@type":"ListItem","position":2,"name":"Bolaget","item":"https:\/\/www.sagafurs.com\/sv\/bolaget\/"},{"@type":"ListItem","position":3,"name":"Bolagets f\u00f6rvaltning","item":"https:\/\/www.sagafurs.com\/sv\/bolaget\/bolagets-forvaltning\/"},{"@type":"ListItem","position":4,"name":"Bolagsst\u00e4mman","item":"https:\/\/www.sagafurs.com\/sv\/bolaget\/bolagets-forvaltning\/bolagsstamman\/"},{"@type":"ListItem","position":5,"name":"Tidigare bolagsst\u00e4mmor"}]},{"@type":"WebSite","@id":"https:\/\/www.sagafurs.com\/#website","url":"https:\/\/www.sagafurs.com\/","name":"Sagafurs","description":"Sagafurs","potentialAction":[{"@type":"SearchAction","target":{"@type":"EntryPoint","urlTemplate":"https:\/\/www.sagafurs.com\/?s={search_term_string}"},"query-input":{"@type":"PropertyValueSpecification","valueRequired":true,"valueName":"search_term_string"}}],"inLanguage":"sv-SE"}]}},"_links":{"self":[{"href":"https:\/\/www.sagafurs.com\/sv\/wp-json\/wp\/v2\/pages\/8075","targetHints":{"allow":["GET"]}}],"collection":[{"href":"https:\/\/www.sagafurs.com\/sv\/wp-json\/wp\/v2\/pages"}],"about":[{"href":"https:\/\/www.sagafurs.com\/sv\/wp-json\/wp\/v2\/types\/page"}],"author":[{"embeddable":true,"href":"https:\/\/www.sagafurs.com\/sv\/wp-json\/wp\/v2\/users\/29"}],"replies":[{"embeddable":true,"href":"https:\/\/www.sagafurs.com\/sv\/wp-json\/wp\/v2\/comments?post=8075"}],"version-history":[{"count":0,"href":"https:\/\/www.sagafurs.com\/sv\/wp-json\/wp\/v2\/pages\/8075\/revisions"}],"up":[{"embeddable":true,"href":"https:\/\/www.sagafurs.com\/sv\/wp-json\/wp\/v2\/pages\/5927"}],"wp:attachment":[{"href":"https:\/\/www.sagafurs.com\/sv\/wp-json\/wp\/v2\/media?parent=8075"}],"curies":[{"name":"wp","href":"https:\/\/api.w.org\/{rel}","templated":true}]}}